{"id":6407,"date":"2021-11-27T17:00:14","date_gmt":"2021-11-27T20:00:14","guid":{"rendered":"https:\/\/www.aestrada.com.br\/v1\/?page_id=6407"},"modified":"2021-11-27T17:18:48","modified_gmt":"2021-11-27T20:18:48","slug":"obras","status":"publish","type":"page","link":"https:\/\/www.aestrada.com.br\/v1\/obras\/","title":{"rendered":"Obras de Jeremias Mac\u00e1rio"},"content":{"rendered":"<p><img src=\"https:\/\/i.imgur.com\/Rr0F2c1.jpg\" \/><\/p>\n<h2>\u201cANDAN\u00c7AS\u201d E SEU REAL FANT\u00c1STICO<\/h2>\n<p>Com causos, contos, hist\u00f3rias e poemas, muitos dos quais musicados por artistas locais e at\u00e9 do Cear\u00e1 (Fortaleza) e Campina Grande (Para\u00edba), numa mistura de fic\u00e7\u00e3o com realidade, o mais novo livro colaborativo \u201cANDAN\u00c7AS\u201d (dois em um), do jornalista e escritor Jeremias Mac\u00e1rio \u00e9 mais um presente para o leitor entrar no t\u00fanel da imagina\u00e7\u00e3o.<\/p>\n<p>\u201cANDAN\u00c7AS\u201d \u00e9 tamb\u00e9m uma obra que est\u00e1 sendo bem procurada pela sua linguagem acess\u00edvel, e tamb\u00e9m pelo seu realismo fant\u00e1stico que fala de \u00f3dio, amor, emo\u00e7\u00e3o, paix\u00e3o, sentimentos e conta\u00e7\u00e3o de fatos que ocorreram em Conquista, no Nordeste e em nosso pa\u00eds, como na ditadura de1964, com outra abordagem mais leve, pitoresca e curiosa.<\/p>\n<p>Dentro do livro (pode ser lido entre o in\u00edcio, meio e fim), o leitor vai ainda se deleitar com poemas da lavra do autor que trata de diversos temas, como o tempo, a vida cotidiana, a quest\u00e3o existencial, erotismo e, principalmente, sobre o sert\u00e3o nordestino, suas agruras e a lida do homem do campo com seu misticismo religioso, costumes e h\u00e1bitos.<\/p>\n<p>\u201cANDAN\u00c7AS\u201d tem seu cord\u00e3o umbilical ligado ao agreste nordestino, mas tamb\u00e9m faz uma viagem pelo mundo atrav\u00e9s da hist\u00f3ria de um mochileiro aventureiro em \u201cPelas Brenhas do Mundo\u201d onde ele enfrenta seus desafios de sobreviv\u00eancia em v\u00e1rios continentes e participa de movimentos, como o maio de 68, na Fran\u00e7a\u201d, guerras (no Vietn\u00e3) e revolu\u00e7\u00f5es, como a Primavera de Praga. Embrenhe nessa viagem fant\u00e1stica!<\/p>\n<p><img src=\"https:\/\/i.imgur.com\/6RLQgB5.jpg\" \/><\/p>\n<h2>\u201cUMA CONQUISTA CASSADA\u201d E A DITADURA<\/h2>\n<p>Uma obra de cinco anos de pesquisas que trata da ditadura civil-militar de 1964, em Vit\u00f3ria da Conquista, na Bahia, no Brasil e suas liga\u00e7\u00f5es com os regimes na Am\u00e9rica do Sul, \u00e9 de autoria do jornalista e escritor Jeremias Mac\u00e1rio. Todo este conte\u00fado hist\u00f3rico, lan\u00e7ado em 2014 pela Assembleia Legislativa da Bahia, j\u00e1 gerou bons frutos para trabalhos escolares e at\u00e9 teses de mestrado.<\/p>\n<p>\u201cUMA CONQUISTA CASSADA \u2013 cerco e fuzil na cidade do frio\u201d \u00e9 um livro dividido em seis blocos, abrindo com o socialismo na R\u00fassia, na China e em Cuba. No Brasil, o estudo remete aos levantes e rebeli\u00f5es desde os tempos colonial, imperial e republicano, principalmente a \u00e9poca Vargas at\u00e9 a ditadura civil-militar de 1964.<\/p>\n<p>No foco central, Vit\u00f3ria da Conquista entra como protagonista com os epis\u00f3dios do maio de 64 quando 100 pessoas foram presas pelas for\u00e7as militares. Em seguida, a pesquisa mostra as lutas armadas contra o regime, as organiza\u00e7\u00f5es clandestinas e, por fim, faz um tributo \u00e0 d\u00e9cada de 60 que substituiu as velhas ideias pelas novas.<\/p>\n<p>Sem nenhum vi\u00e9s pol\u00edtico, o trabalho narra em detalhes os acontecimentos hist\u00f3ricos do regime dos generais em Conquista, quando o prefeito Jos\u00e9 Pedral foi cassado e seus direitos pol\u00edticos suspensos por 20 anos.<\/p>\n<p>O jornalista Jeremias Mac\u00e1rio tamb\u00e9m \u00e9 autor de \u201cTerra Rasgada\u201d, \u201cA Imprensa e o Coronelismo no Sert\u00e3o do Sudoeste\u201d e participou de colet\u00e2neas liter\u00e1rias com outros escritores. Como letrista, tem v\u00e1rios poemas musicados por artistas locais e de outros estados nordestinos.<\/p>\n<p><img src=\"https:\/\/i.imgur.com\/SNkbAl7.jpg\" \/><\/p>\n<p><img src=\"https:\/\/i.imgur.com\/iu2S2DH.jpg\" \/><\/p>\n","protected":false},"excerpt":{"rendered":"<p>\u201cANDAN\u00c7AS\u201d E SEU REAL FANT\u00c1STICO Com causos, contos, hist\u00f3rias e poemas, muitos dos quais musicados por artistas locais e at\u00e9 do Cear\u00e1 (Fortaleza) e Campina Grande (Para\u00edba), numa mistura de fic\u00e7\u00e3o com realidade, o mais novo livro colaborativo \u201cANDAN\u00c7AS\u201d (dois em um), do jornalista e escritor Jeremias Mac\u00e1rio \u00e9 mais um presente para o leitor [&hellip;]<\/p>\n","protected":false},"author":1,"featured_media":0,"parent":0,"menu_order":0,"comment_status":"closed","ping_status":"closed","template":"","meta":{"_links_to":"","_links_to_target":""},"_links":{"self":[{"href":"https:\/\/www.aestrada.com.br\/v1\/wp-json\/wp\/v2\/pages\/6407"}],"collection":[{"href":"https:\/\/www.aestrada.com.br\/v1\/wp-json\/wp\/v2\/pages"}],"about":[{"href":"https:\/\/www.aestrada.com.br\/v1\/wp-json\/wp\/v2\/types\/page"}],"author":[{"embeddable":true,"href":"https:\/\/www.aestrada.com.br\/v1\/wp-json\/wp\/v2\/users\/1"}],"replies":[{"embeddable":true,"href":"https:\/\/www.aestrada.com.br\/v1\/wp-json\/wp\/v2\/comments?post=6407"}],"version-history":[{"count":4,"href":"https:\/\/www.aestrada.com.br\/v1\/wp-json\/wp\/v2\/pages\/6407\/revisions"}],"predecessor-version":[{"id":6415,"href":"https:\/\/www.aestrada.com.br\/v1\/wp-json\/wp\/v2\/pages\/6407\/revisions\/6415"}],"wp:attachment":[{"href":"https:\/\/www.aestrada.com.br\/v1\/wp-json\/wp\/v2\/media?parent=6407"}],"curies":[{"name":"wp","href":"https:\/\/api.w.org\/{rel}","templated":true}]}}